{"id":616,"date":"2021-10-20T08:13:04","date_gmt":"2021-10-20T06:13:04","guid":{"rendered":"http:\/\/pc2.fpecaixa.info\/el-fons\/sostenibilitat\/"},"modified":"2022-04-21T13:04:56","modified_gmt":"2022-04-21T11:04:56","slug":"sostenibilitat","status":"publish","type":"page","link":"https:\/\/pc2.fpecaixa.info\/ca\/el-fons\/sostenibilitat\/","title":{"rendered":"Sostenibilitat"},"content":{"rendered":"\n<div class=\"wp-block-columns is-layout-flex wp-container-core-columns-is-layout-9d6595d7 wp-block-columns-is-layout-flex\">\n<div class=\"wp-block-column is-layout-flow wp-block-column-is-layout-flow\"><p>[toc]<\/p>\n<\/div>\n<\/div>\n\n<div class=\"wp-block-columns is-layout-flex wp-container-core-columns-is-layout-9d6595d7 wp-block-columns-is-layout-flex\">\n<div class=\"wp-block-column is-layout-flow wp-block-column-is-layout-flow\">\n<p>La Comissi\u00f3 de Control de PC2 considera que la incorporaci\u00f3 de la Inversi\u00f3 Socialment Responsable (ISR) en el proc\u00e9s d&#8217;inversi\u00f3 del Fons t\u00e9 com a objectiu principal la sostenibilitat d&#8217;aquest, a m\u00e9s de contribuir en els processos d&#8217;an\u00e0lisis i adopci\u00f3 de decisions en mat\u00e8ria d&#8217;inversions, podent incrementar la relaci\u00f3 rendibilitat\/risc en el llarg termini.<\/p>\n\n\n\n<p>La ISR combina els criteris financers amb els criteris extra financers, Ambientals, Socials i de Bon Govern (ASG):<\/p>\n\n\n\n<ul class=\"wp-block-list\"><li><strong>Ambientals<\/strong>: Fa refer\u00e8ncia a pol\u00edtiques mediambientals, sistemes de gesti\u00f3 externs i interns, aix\u00ed com altres indicadors mediambientals (canvi clim\u00e0tic, emissions, residus s\u00f2lids, aigua, etc.).<br\/><\/li><li><strong>Socials<\/strong>: Drets laborals i humans en tota la cadena de subministrament, aix\u00ed com en el comportament amb clients i empleats. Pot incloure altres temes com els de diversitat, drets dels animals i altres.<br\/><\/li><li><strong>Bon Govern<\/strong>: Abasta els principis i normes que regulen el disseny, integraci\u00f3 i funcionament dels \u00f2rgans de govern de les empreses. Principis de bon govern, diversitat en l&#8217;equip directiu, tenir codis \u00e8tics, etc.<\/li><\/ul>\n<\/div>\n<\/div>\n\n<div class=\"wp-block-columns is-layout-flex wp-container-core-columns-is-layout-9d6595d7 wp-block-columns-is-layout-flex\">\n<div class=\"wp-block-column is-layout-flow wp-block-column-is-layout-flow\">\n<h2 class=\"wp-block-heading\">Implementaci\u00f3 de la ISR<\/h2>\n\n\n\n<p>La implementaci\u00f3 de la Pol\u00edtica de ISR es tracta d&#8217;un proc\u00e9s continu, iteratiu i en constant millora, pel qual es busca recon\u00e8ixer l&#8217;esfor\u00e7 d&#8217;aquelles corporacions que integrin criteris ASG en el seu model de negoci, aix\u00ed com encoratjar a aquelles que no els compleixin al seu desenvolupament a trav\u00e9s de processos de di\u00e0leg o en defecte d&#8217;aix\u00f2 de l&#8217;exclusi\u00f3 de la inversi\u00f3.<\/p>\n\n\n\n<p>L&#8217;an\u00e0lisi ASG s&#8217;aplicar\u00e0 tant als actius presents en la cartera del Fons de Pensions com a aquells que siguin susceptibles d&#8217;entrar en aquesta, realitzant de manera pr\u00e8via una an\u00e0lisi del compliment d&#8217;aquests criteris. Es trobaran afectes a aquesta disposici\u00f3 com a m\u00ednim el 50% del total d&#8217;actius del Fons de Pensions, entre els quals s&#8217;inclou, els valors de Renda Variable, Renda Fixa, i\/o Actius Alternatius que siguin subscrits pel Fons en mercats regulats, aix\u00ed com a les inversions realitzades de manera indirecta a trav\u00e9s de fons d&#8217;inversi\u00f3, que en l&#8217;actualitat, es tracta del principal vehicle d&#8217;inversi\u00f3 utilitzat per PC2.<\/p>\n\n\n\n<p>La implementaci\u00f3 de la ISR en el Fons de Pensions, que ser\u00e0 exercida per l&#8217;Entitat Gestora, es realitzar\u00e0 d&#8217;una forma completa i global en totes les categories d&#8217;actius en les quals existeixi un nivell de desenvolupament i d&#8217;informaci\u00f3 p\u00fablica que permeti una correcta implementaci\u00f3.<\/p>\n\n\n\n<p>L&#8217;Entitat Gestora comptar\u00e0 amb els serveis d&#8217;una ag\u00e8ncia de qualificaci\u00f3 externa especialitzada en an\u00e0lisi ASG que permeti avaluar el compliment dels criteris ASG en la cartera. <\/p>\n<\/div>\n<\/div>\n\n<div class=\"wp-block-columns is-layout-flex wp-container-core-columns-is-layout-9d6595d7 wp-block-columns-is-layout-flex\">\n<div class=\"wp-block-column is-layout-flow wp-block-column-is-layout-flow\">\n<h2 class=\"wp-block-heading\">M\u00e8todes d&#8217;implementaci\u00f3 dels criteris ASG en PC2<\/h2>\n\n\n\n<p><strong>1. An\u00e0lisi basada en normes<\/strong><\/p>\n\n\n\n<p>Dins del proc\u00e9s de selecci\u00f3 de fons es prioritzar\u00e0 la selecci\u00f3 d&#8217;aquells que mostrin un comprom\u00eds amb normes internacionals sobre protecci\u00f3 ambiental, drets laborals, drets humans i anticorrupci\u00f3.<\/p>\n\n\n\n<p>Concretament dins del proc\u00e9s de qualificaci\u00f3 (<em>due diligence<\/em>) de fons es donar\u00e0 prefer\u00e8ncia a aquells que:<\/p>\n\n\n\n<ul class=\"wp-block-list\"><li>Comptin amb una pol\u00edtica ISR.<br\/><\/li><li>Siguin signants dels Principis per a la Inversi\u00f3 Responsable de Nacions Unides (PRI).<br\/><\/li><li>Estiguin organitzats en un pa\u00eds membre de l&#8217;Organitzaci\u00f3 per a la Cooperaci\u00f3 i el Desenvolupament Econ\u00f2mic (OCDE).<br\/><\/li><li>Fomentin el comprom\u00eds amb tractats i marcs reguladors internacionals en les empreses en les quals inverteixin.<\/li><\/ul>\n\n\n\n<p>2. <strong>Integraci\u00f3 dels criteris ASG<\/strong><\/p>\n\n\n\n<p>Com a resultat de l&#8217;agregaci\u00f3 de les qualificacions ASG de les empreses obtingudes per l&#8217;ag\u00e8ncia de qualificaci\u00f3 contractada, s&#8217;obtindr\u00e0 la qualificaci\u00f3 de cada fons d&#8217;inversi\u00f3 analitzat. L&#8217;objectiu perseguit \u00e9s la constant millora de la qualificaci\u00f3 ASG del Fons de Pensions.<\/p>\n\n\n\n<p>Aix\u00ed mateix, la informaci\u00f3 que es vagi obtenint constitueix un argument de selecci\u00f3 per a l&#8217;Entitat Gestora, tant per a la millora de la qualificaci\u00f3 de la cartera com per a la pol\u00edtica d&#8217;exclusions.<\/p>\n\n\n\n<p>3. <strong>Exclusi\u00f3 o an\u00e0lisi negativa<\/strong><\/p>\n\n\n\n<p>S&#8217;exclouen de l&#8217;univers d&#8217;inversi\u00f3 aquelles companyies o grups empresarials que es trobin dins d&#8217;un conjunt de mesures, qualitatives i quantitatives, definides per la Comissi\u00f3 de Control.<\/p>\n\n\n\n<p>Aix\u00ed, s&#8217;exclouran companyies o grups que realitzin tota o part significativa de la seva activitat en els sectors Tabaquer, Armament\u00edstic o del Joc (<em>gambling<\/em> o apostes). A l&#8217;efecte de control es considera activitat significativa la que abast o superi el 35% de la xifra de vendes d&#8217;una companyia. Un fons del qual PC2 posseeixi participacions, que mantingui m\u00e9s d&#8217;un 5% de la seva cartera en empreses exclo\u00efbles sobre la base dels criteris aqu\u00ed exposats i no s&#8217;avingui a reduir les posicions en aquestes, ser\u00e0 excl\u00f2s de la cartera de PC2.<\/p>\n<\/div>\n<\/div>\n","protected":false},"excerpt":{"rendered":"<p>La Comissi\u00f3 de Control de PC2 considera que la incorporaci\u00f3 de la Inversi\u00f3 Socialment Responsable (ISR) en el proc\u00e9s d&#8217;inversi\u00f3 del Fons t\u00e9 com a objectiu principal la sostenibilitat d&#8217;aquest, a m\u00e9s de contribuir en els processos d&#8217;an\u00e0lisis i adopci\u00f3 de decisions en mat\u00e8ria d&#8217;inversions, podent incrementar la relaci\u00f3 rendibilitat\/risc en el llarg termini. La [&hellip;]<\/p>\n","protected":false},"author":1,"featured_media":0,"parent":610,"menu_order":0,"comment_status":"closed","ping_status":"closed","template":"","meta":{"_acf_changed":false,"footnotes":""},"class_list":["post-616","page","type-page","status-publish","hentry"],"acf":[],"yoast_head":"<!-- This site is optimized with the Yoast SEO plugin v27.5 - https:\/\/yoast.com\/product\/yoast-seo-wordpress\/ -->\n<title>Sostenibilitat - Plan Colectivo Asociado (PC2)<\/title>\n<meta name=\"robots\" content=\"index, follow, max-snippet:-1, max-image-preview:large, max-video-preview:-1\" \/>\n<link rel=\"canonical\" href=\"https:\/\/pc2.fpecaixa.info\/ca\/el-fons\/sostenibilitat\/\" \/>\n<meta property=\"og:locale\" content=\"ca_ES\" \/>\n<meta property=\"og:type\" content=\"article\" \/>\n<meta property=\"og:title\" content=\"Sostenibilitat - Plan Colectivo Asociado (PC2)\" \/>\n<meta property=\"og:description\" content=\"La Comissi\u00f3 de Control de PC2 considera que la incorporaci\u00f3 de la Inversi\u00f3 Socialment Responsable (ISR) en el proc\u00e9s d&#8217;inversi\u00f3 del Fons t\u00e9 com a objectiu principal la sostenibilitat d&#8217;aquest, a m\u00e9s de contribuir en els processos d&#8217;an\u00e0lisis i adopci\u00f3 de decisions en mat\u00e8ria d&#8217;inversions, podent incrementar la relaci\u00f3 rendibilitat\/risc en el llarg termini. La [&hellip;]\" \/>\n<meta property=\"og:url\" content=\"https:\/\/pc2.fpecaixa.info\/ca\/el-fons\/sostenibilitat\/\" \/>\n<meta property=\"og:site_name\" content=\"Plan Colectivo Asociado (PC2)\" \/>\n<meta property=\"article:modified_time\" content=\"2022-04-21T11:04:56+00:00\" \/>\n<meta name=\"twitter:card\" content=\"summary_large_image\" \/>\n<meta name=\"twitter:label1\" content=\"Temps estimat de lectura\" \/>\n\t<meta name=\"twitter:data1\" content=\"4 minuts\" \/>\n<script type=\"application\/ld+json\" class=\"yoast-schema-graph\">{\"@context\":\"https:\\\/\\\/schema.org\",\"@graph\":[{\"@type\":\"WebPage\",\"@id\":\"https:\\\/\\\/pc2.fpecaixa.info\\\/ca\\\/el-fons\\\/sostenibilitat\\\/\",\"url\":\"https:\\\/\\\/pc2.fpecaixa.info\\\/ca\\\/el-fons\\\/sostenibilitat\\\/\",\"name\":\"Sostenibilitat - Plan Colectivo Asociado (PC2)\",\"isPartOf\":{\"@id\":\"https:\\\/\\\/pc2.fpecaixa.info\\\/#website\"},\"datePublished\":\"2021-10-20T06:13:04+00:00\",\"dateModified\":\"2022-04-21T11:04:56+00:00\",\"breadcrumb\":{\"@id\":\"https:\\\/\\\/pc2.fpecaixa.info\\\/ca\\\/el-fons\\\/sostenibilitat\\\/#breadcrumb\"},\"inLanguage\":\"ca\",\"potentialAction\":[{\"@type\":\"ReadAction\",\"target\":[\"https:\\\/\\\/pc2.fpecaixa.info\\\/ca\\\/el-fons\\\/sostenibilitat\\\/\"]}]},{\"@type\":\"BreadcrumbList\",\"@id\":\"https:\\\/\\\/pc2.fpecaixa.info\\\/ca\\\/el-fons\\\/sostenibilitat\\\/#breadcrumb\",\"itemListElement\":[{\"@type\":\"ListItem\",\"position\":1,\"name\":\"Inici\",\"item\":\"https:\\\/\\\/pc2.fpecaixa.info\\\/\"},{\"@type\":\"ListItem\",\"position\":2,\"name\":\"El fons\",\"item\":\"https:\\\/\\\/pc2.fpecaixa.info\\\/ca\\\/el-fons\\\/\"},{\"@type\":\"ListItem\",\"position\":3,\"name\":\"Sostenibilitat\"}]},{\"@type\":\"WebSite\",\"@id\":\"https:\\\/\\\/pc2.fpecaixa.info\\\/#website\",\"url\":\"https:\\\/\\\/pc2.fpecaixa.info\\\/\",\"name\":\"Plan Colectivo Asociado (PC2)\",\"description\":\"Un altre lloc Plan de Pensiones de Empleados de Caixabank Sites \",\"potentialAction\":[{\"@type\":\"SearchAction\",\"target\":{\"@type\":\"EntryPoint\",\"urlTemplate\":\"https:\\\/\\\/pc2.fpecaixa.info\\\/?s={search_term_string}\"},\"query-input\":{\"@type\":\"PropertyValueSpecification\",\"valueRequired\":true,\"valueName\":\"search_term_string\"}}],\"inLanguage\":\"ca\"}]}<\/script>\n<!-- \/ Yoast SEO plugin. -->","yoast_head_json":{"title":"Sostenibilitat - Plan Colectivo Asociado (PC2)","robots":{"index":"index","follow":"follow","max-snippet":"max-snippet:-1","max-image-preview":"max-image-preview:large","max-video-preview":"max-video-preview:-1"},"canonical":"https:\/\/pc2.fpecaixa.info\/ca\/el-fons\/sostenibilitat\/","og_locale":"ca_ES","og_type":"article","og_title":"Sostenibilitat - Plan Colectivo Asociado (PC2)","og_description":"La Comissi\u00f3 de Control de PC2 considera que la incorporaci\u00f3 de la Inversi\u00f3 Socialment Responsable (ISR) en el proc\u00e9s d&#8217;inversi\u00f3 del Fons t\u00e9 com a objectiu principal la sostenibilitat d&#8217;aquest, a m\u00e9s de contribuir en els processos d&#8217;an\u00e0lisis i adopci\u00f3 de decisions en mat\u00e8ria d&#8217;inversions, podent incrementar la relaci\u00f3 rendibilitat\/risc en el llarg termini. La [&hellip;]","og_url":"https:\/\/pc2.fpecaixa.info\/ca\/el-fons\/sostenibilitat\/","og_site_name":"Plan Colectivo Asociado (PC2)","article_modified_time":"2022-04-21T11:04:56+00:00","twitter_card":"summary_large_image","twitter_misc":{"Temps estimat de lectura":"4 minuts"},"schema":{"@context":"https:\/\/schema.org","@graph":[{"@type":"WebPage","@id":"https:\/\/pc2.fpecaixa.info\/ca\/el-fons\/sostenibilitat\/","url":"https:\/\/pc2.fpecaixa.info\/ca\/el-fons\/sostenibilitat\/","name":"Sostenibilitat - Plan Colectivo Asociado (PC2)","isPartOf":{"@id":"https:\/\/pc2.fpecaixa.info\/#website"},"datePublished":"2021-10-20T06:13:04+00:00","dateModified":"2022-04-21T11:04:56+00:00","breadcrumb":{"@id":"https:\/\/pc2.fpecaixa.info\/ca\/el-fons\/sostenibilitat\/#breadcrumb"},"inLanguage":"ca","potentialAction":[{"@type":"ReadAction","target":["https:\/\/pc2.fpecaixa.info\/ca\/el-fons\/sostenibilitat\/"]}]},{"@type":"BreadcrumbList","@id":"https:\/\/pc2.fpecaixa.info\/ca\/el-fons\/sostenibilitat\/#breadcrumb","itemListElement":[{"@type":"ListItem","position":1,"name":"Inici","item":"https:\/\/pc2.fpecaixa.info\/"},{"@type":"ListItem","position":2,"name":"El fons","item":"https:\/\/pc2.fpecaixa.info\/ca\/el-fons\/"},{"@type":"ListItem","position":3,"name":"Sostenibilitat"}]},{"@type":"WebSite","@id":"https:\/\/pc2.fpecaixa.info\/#website","url":"https:\/\/pc2.fpecaixa.info\/","name":"Plan Colectivo Asociado (PC2)","description":"Un altre lloc Plan de Pensiones de Empleados de Caixabank Sites ","potentialAction":[{"@type":"SearchAction","target":{"@type":"EntryPoint","urlTemplate":"https:\/\/pc2.fpecaixa.info\/?s={search_term_string}"},"query-input":{"@type":"PropertyValueSpecification","valueRequired":true,"valueName":"search_term_string"}}],"inLanguage":"ca"}]}},"_links":{"self":[{"href":"https:\/\/pc2.fpecaixa.info\/ca\/wp-json\/wp\/v2\/pages\/616","targetHints":{"allow":["GET"]}}],"collection":[{"href":"https:\/\/pc2.fpecaixa.info\/ca\/wp-json\/wp\/v2\/pages"}],"about":[{"href":"https:\/\/pc2.fpecaixa.info\/ca\/wp-json\/wp\/v2\/types\/page"}],"author":[{"embeddable":true,"href":"https:\/\/pc2.fpecaixa.info\/ca\/wp-json\/wp\/v2\/users\/1"}],"replies":[{"embeddable":true,"href":"https:\/\/pc2.fpecaixa.info\/ca\/wp-json\/wp\/v2\/comments?post=616"}],"version-history":[{"count":4,"href":"https:\/\/pc2.fpecaixa.info\/ca\/wp-json\/wp\/v2\/pages\/616\/revisions"}],"predecessor-version":[{"id":1323,"href":"https:\/\/pc2.fpecaixa.info\/ca\/wp-json\/wp\/v2\/pages\/616\/revisions\/1323"}],"up":[{"embeddable":true,"href":"https:\/\/pc2.fpecaixa.info\/ca\/wp-json\/wp\/v2\/pages\/610"}],"wp:attachment":[{"href":"https:\/\/pc2.fpecaixa.info\/ca\/wp-json\/wp\/v2\/media?parent=616"}],"curies":[{"name":"wp","href":"https:\/\/api.w.org\/{rel}","templated":true}]}}